{"id":844,"date":"2021-08-24T14:50:27","date_gmt":"2021-08-24T12:50:27","guid":{"rendered":"https:\/\/www.villalapietra.net\/politique-de-confidentialite-et-de-cookies\/"},"modified":"2025-05-21T11:15:43","modified_gmt":"2025-05-21T09:15:43","slug":"politique-de-confidentialite-et-de-cookies","status":"publish","type":"page","link":"https:\/\/www.villalapietra.net\/fr\/politique-de-confidentialite-et-de-cookies\/","title":{"rendered":"Politique de confidentialit\u00e9 et de cookies"},"content":{"rendered":"<div class=\"wpb-content-wrapper\">[vc_row css=\u00a0\u00bb.vc_custom_1747818202816{margin-top: 20px !important;}\u00a0\u00bb][vc_column]<div class=\"vcex-page-title vcex-module\"><h3 class=\"vcex-page-title__heading wpex-heading wpex-text-3xl\"><span class=\"vcex-page-title__before\">Information conform\u00e9ment aux articles 13\u201314 du RGPD (R\u00e8glement g\u00e9n\u00e9ral sur la protection des donn\u00e9es) 2016\/679<\/span> <span class=\"vcex-page-title__text\">Politique de confidentialit\u00e9 et de cookies<\/span><\/h3><\/div>[\/vc_column][\/vc_row][vc_row css=\u00a0\u00bb.vc_custom_1747818550323{margin-top: 20px !important;}\u00a0\u00bb][vc_column][vc_column_text css=\u00a0\u00bb\u00a0\u00bb]La Pietra Societ\u00e0 Semplice \u2013 N.\u202fde TVA 96723680011, Responsable du traitement, vous informe que vos donn\u00e9es seront trait\u00e9es selon les modalit\u00e9s et pour les finalit\u00e9s indiqu\u00e9es ci\u2011dessous.<\/p>\n<p>Le Responsable s\u2019engage \u00e0 prot\u00e9ger la vie priv\u00e9e et la confidentialit\u00e9 des Donn\u00e9es Personnelles dans le respect des principes d\u2019\u00e9quit\u00e9, de lic\u00e9it\u00e9, de transparence et de protection de vos droits.<\/p>\n<h4>1) CAT\u00c9GORIES DE DONN\u00c9ES TRAIT\u00c9ES<\/h4>\n<p>Nous traitons les donn\u00e9es personnelles que vous nous communiquez (nom, email, raison sociale, t\u00e9l\u00e9phone, etc.) lors de demandes spontan\u00e9es, ainsi que les donn\u00e9es collect\u00e9es automatiquement par le site web.<\/p>\n<p>Donn\u00e9es fournies par vos soins\u202f: donn\u00e9es personnelles, d\u2019identification et non sensibles que vous soumettez pour effectuer des demandes par courriel, via le formulaire de contact ou par t\u00e9l\u00e9phone concernant nos produits\/services.<\/p>\n<p>Donn\u00e9es collect\u00e9es automatiquement\u202f: donn\u00e9es anonymes collect\u00e9es \u00e0 l\u2019aide de cookies ou de technologies similaires\u202f; pour plus d\u2019informations, consultez la Cookie Policy ci\u2011apr\u00e8s.<\/p>\n<p>: Les utilisateurs de moins de 16 ans ne peuvent fournir aucune donn\u00e9e personnelle sans le consentement des parents ou du tuteur.<\/p>\n<h4>2) FINALIT\u00c9S ET BASES JURIDIQUES DU TRAITEMENT<\/h4>\n<p>Nous traiterons vos donn\u00e9es personnelles\u202f:<\/p>\n<p>A) pour ex\u00e9cuter nos obligations contractuelles\u202f; r\u00e9pondre \u00e0 vos demandes d\u2019information\u202f; \u00e9tablir un devis que vous avez demand\u00e9\u202f; ex\u00e9cuter des contrats de vente de produits ou de prestation de services\u202f; et vous fournir l\u2019assistance n\u00e9cessaire pour les produits et services achet\u00e9s.<\/p>\n<p>B) pour effectuer des analyses statistiques agr\u00e9g\u00e9es et anonymes afin d\u2019am\u00e9liorer nos services\u202f;<\/p>\n<p>C) \u00e0 des fins administratives et pour se conformer \u00e0 des obligations l\u00e9gales telles que comptables, fiscales ou \u00e0 la demande des autorit\u00e9s judiciaires.<\/p>\n<p>D) en cas d\u2019envoi de curriculum vitae, exclusivement \u00e0 des fins de recrutement.<\/p>\n<h4>3) LE FOURNITURE DES DONN\u00c9ES EST-ELLE OBLIGATOIRE\u202f?<\/h4>\n<p>La fourniture de vos donn\u00e9es est toujours facultative\u202f; toutefois, leur absence pourrait rendre impossible la r\u00e9alisation de certains traitements, notamment ceux strictement li\u00e9s \u00e0 l\u2019ex\u00e9cution d\u2019un contrat ou \u00e0 la prestation des services que vous avez demand\u00e9s.<\/p>\n<h4>4) LIEU, MODALIT\u00c9S DE TRAITEMENT ET DUR\u00c9E DE CONSERVATION<\/h4>\n<p>Le traitement de vos donn\u00e9es personnelles s\u2019effectue au moyen des op\u00e9rations \u00e9num\u00e9r\u00e9es \u00e0 l\u2019art.\u202f4 du Code de la protection des donn\u00e9es et \u00e0 l\u2019art.\u202f4 no.\u202f2) du RGPD, notamment\u202f: collecte, enregistrement, organisation, conservation, consultation, traitement, modification, s\u00e9lection, extraction, comparaison, utilisation, interconnexion, blocage, communication, suppression et destruction des donn\u00e9es.<\/p>\n<p>Vos donn\u00e9es personnelles sont conserv\u00e9es au si\u00e8ge du Responsable et trait\u00e9es sous forme papier et sous forme \u00e9lectronique et\/ou automatis\u00e9e, selon des logiques strictement li\u00e9es aux finalit\u00e9s mentionn\u00e9es et garantissant en tout \u00e9tat de cause la s\u00e9curit\u00e9 et la confidentialit\u00e9 des donn\u00e9es. Les donn\u00e9es que vous transmettez ne sont pas stock\u00e9es sur notre site web.<\/p>\n<p>Le Responsable traitera les donn\u00e9es personnelles pendant la dur\u00e9e n\u00e9cessaire \u00e0 la r\u00e9alisation des finalit\u00e9s susmentionn\u00e9es et, en tout \u00e9tat de cause, pendant une p\u00e9riode ne d\u00e9passant pas 10 ans apr\u00e8s la fin de la relation pour la finalit\u00e9 mentionn\u00e9e au point C et pas plus de 38 mois apr\u00e8s la collecte des donn\u00e9es pour la finalit\u00e9 mentionn\u00e9e au point B.<\/p>\n<h4>5) ACC\u00c8S AUX DONN\u00c9ES<\/h4>\n<p>Vos donn\u00e9es pourront \u00eatre accessibles, pour les finalit\u00e9s indiqu\u00e9es au point\u202f2, \u00e0 :<\/p>\n<p>des employ\u00e9s et collaborateurs du Responsable, en leur qualit\u00e9 d\u2019ayant droit internes et\/ou d\u2019administrateurs syst\u00e8me ;<\/p>\n<p>des soci\u00e9t\u00e9s tierces ou autres entit\u00e9s (fournisseurs de site web, prestataires cloud, prestataire de paiement \u00e9lectronique, fournisseurs, techniciens d\u2019assistance mat\u00e9riel et logiciel, transporteurs, \u00e9tablissements bancaires, cabinets professionnels, etc.) r\u00e9alisant des activit\u00e9s externalis\u00e9es pour le compte du Responsable, en tant que responsables du traitement.<\/p>\n<h4>6) TRANSFERT DES DONN\u00c9ES<\/h4>\n<p>Les donn\u00e9es ne seront ni divulgu\u00e9es, ni vendues, ni partag\u00e9es avec des tiers autres que le Responsable, les responsables et les personnes d\u00e9sign\u00e9es sans votre consentement expr\u00e8s et explicite.<\/p>\n<h4>7) VOS DROITS<\/h4>\n<p>Vous avez le droit de savoir quelles sont vos donn\u00e9es personnelles faisant l\u2019objet d\u2019un traitement. En particulier, vous disposez des droits d\u2019acc\u00e8s, de rectification, de suppression, ainsi que du droit \u00e0 la portabilit\u00e9 des donn\u00e9es, du droit \u00e0 la limitation du traitement et du droit d\u2019opposition, si les conditions sont remplies.<\/p>\n<p>Voici un bref aper\u00e7u des droits qui vous sont reconnus concernant le traitement de vos donn\u00e9es personnelles\u202f:<\/p>\n<p>Droit d\u2019acc\u00e8s\u202f: obtenir la confirmation que vos donn\u00e9es personnelles font ou non l\u2019objet d\u2019un traitement par le Responsable et, le cas \u00e9ch\u00e9ant, acc\u00e9der \u00e0 ces donn\u00e9es et aux informations s\u2019y rapportant\u202f;<\/p>\n<p>Droit de rectification\u202f: obtenir la modification des donn\u00e9es personnelles inexactes vous concernant sans d\u00e9lai injustifi\u00e9 et, compte tenu des finalit\u00e9s du traitement, l\u2019int\u00e9gration des donn\u00e9es incompl\u00e8tes\u202f;<\/p>\n<p>Droit \u00e0 la suppression (\u201cdroit \u00e0 l\u2019oubli\u201d)\u202f: obtenir sans d\u00e9lai injustifi\u00e9 la suppression des donn\u00e9es vous concernant lorsque celles\u2011ci ne sont plus n\u00e9cessaires aux finalit\u00e9s pour lesquelles elles ont \u00e9t\u00e9 collect\u00e9es, sous r\u00e9serve des exceptions pr\u00e9vues par la l\u00e9gislation applicable (par exemple lorsque la conservation des donn\u00e9es est n\u00e9cessaire pour respecter une obligation l\u00e9gale). La suppression sera effectu\u00e9e dans les d\u00e9lais techniques pr\u00e9vus\u202f;<\/p>\n<p>Droit \u00e0 la portabilit\u00e9 des donn\u00e9es\u202f: dans certains cas, recevoir vos donn\u00e9es personnelles dans un format structur\u00e9, couramment utilis\u00e9 et lisible par machine, et transmettre ces donn\u00e9es \u00e0 un autre responsable du traitement, tant que ce droit ne porte pas atteinte aux droits et libert\u00e9s d\u2019autrui\u202f;<\/p>\n<p>Droit \u00e0 la limitation du traitement\u202f: dans certaines situations, obtenir la limitation du traitement de vos donn\u00e9es personnelles. Dans ces cas, le Responsable ne pourra continuer \u00e0 traiter vos donn\u00e9es que pour des motifs sp\u00e9cifiques, tels que l\u2019exercice ou la d\u00e9fense de droits en justice ou pour prot\u00e9ger les droits d\u2019une autre personne physique ou morale\u202f;<\/p>\n<p>Droit d\u2019opposition\u202f: dans certaines situations, s\u2019opposer au traitement de vos donn\u00e9es personnelles, sauf pr\u00e9sence de motifs l\u00e9gitimes imp\u00e9rieux justifiant la poursuite du traitement.<\/p>\n<p>Pour toute information compl\u00e9mentaire sur le traitement de vos donn\u00e9es personnelles ou pour exercer vos droits, nous vous invitons \u00e0 nous contacter.<\/p>\n<h4>8) MODIFICATIONS DE CETTE INFORMATIVE<\/h4>\n<p>La pr\u00e9sente information peut \u00eatre modifi\u00e9e. Il est donc conseill\u00e9 de la consulter r\u00e9guli\u00e8rement et de se r\u00e9f\u00e9rer \u00e0 la version la plus \u00e0 jour.<\/p>\n<p>Derni\u00e8re mise \u00e0 jour\u202f: mai\u202f2025[\/vc_column_text][\/vc_column][\/vc_row][vc_row el_id=\u00a0\u00bbcookie\u00a0\u00bb css=\u00a0\u00bb.vc_custom_1747818611959{margin-top: 30px !important;padding-bottom: 40px !important;}\u00a0\u00bb][vc_column][vc_column_text css=\u00a0\u00bb\u00a0\u00bb]\n<h2>Liste des cookies<\/h2>\n<p><\/p>\n<div class=\"cky-audit-table-element\"><\/div>\n<p>\n[\/vc_column_text][\/vc_column][\/vc_row]\n<\/div>","protected":false},"excerpt":{"rendered":"<p>[vc_row css=\u00a0\u00bb.vc_custom_1747818202816{margin-top: 20px !important;}\u00a0\u00bb][vc_column][\/vc_column][\/vc_row][vc_row css=\u00a0\u00bb.vc_custom_1747818550323{margin-top: 20px !important;}\u00a0\u00bb][vc_column][vc_column_text css=\u00a0\u00bb\u00a0\u00bb]La Pietra Societ\u00e0 Semplice \u2013 N.\u202fde TVA 96723680011, Responsable du traitement, vous informe que vos donn\u00e9es seront trait\u00e9es selon les modalit\u00e9s et pour les finalit\u00e9s indiqu\u00e9es ci\u2011dessous. Le Responsable s\u2019engage \u00e0 prot\u00e9ger la vie priv\u00e9e et la confidentialit\u00e9 des Donn\u00e9es Personnelles dans le respect des principes d\u2019\u00e9quit\u00e9, de&hellip;<\/p>\n","protected":false},"author":1,"featured_media":0,"parent":0,"menu_order":0,"comment_status":"closed","ping_status":"open","template":"","meta":{"inline_featured_image":false,"footnotes":""},"class_list":["post-844","page","type-page","status-publish","hentry","entry","no-media"],"yoast_head":"<!-- This site is optimized with the Yoast SEO plugin v25.1 - https:\/\/yoast.com\/wordpress\/plugins\/seo\/ -->\n<title>Politique de confidentialit\u00e9 et de cookies | Villa La Pietra<\/title>\n<meta name=\"robots\" content=\"index, follow, max-snippet:-1, max-image-preview:large, max-video-preview:-1\" \/>\n<link rel=\"canonical\" href=\"https:\/\/www.villalapietra.net\/fr\/politique-de-confidentialite-et-de-cookies\/\" \/>\n<meta property=\"og:locale\" content=\"fr_FR\" \/>\n<meta property=\"og:type\" content=\"article\" \/>\n<meta property=\"og:title\" content=\"Politique de confidentialit\u00e9 et de cookies | Villa La Pietra\" \/>\n<meta property=\"og:description\" content=\"[vc_row css=\u00a0\u00bb.vc_custom_1747818202816{margin-top: 20px !important;}\u00a0\u00bb][vc_column][\/vc_column][\/vc_row][vc_row css=\u00a0\u00bb.vc_custom_1747818550323{margin-top: 20px !important;}\u00a0\u00bb][vc_column][vc_column_text css=\u00a0\u00bb\u00a0\u00bb]La Pietra Societ\u00e0 Semplice \u2013 N.\u202fde TVA 96723680011, Responsable du traitement, vous informe que vos donn\u00e9es seront trait\u00e9es selon les modalit\u00e9s et pour les finalit\u00e9s indiqu\u00e9es ci\u2011dessous. Le Responsable s\u2019engage \u00e0 prot\u00e9ger la vie priv\u00e9e et la confidentialit\u00e9 des Donn\u00e9es Personnelles dans le respect des principes d\u2019\u00e9quit\u00e9, de&hellip;\" \/>\n<meta property=\"og:url\" content=\"https:\/\/www.villalapietra.net\/fr\/politique-de-confidentialite-et-de-cookies\/\" \/>\n<meta property=\"og:site_name\" content=\"Villa La Pietra\" \/>\n<meta property=\"article:modified_time\" content=\"2025-05-21T09:15:43+00:00\" \/>\n<meta name=\"twitter:card\" content=\"summary_large_image\" \/>\n<meta name=\"twitter:label1\" content=\"Dur\u00e9e de lecture estim\u00e9e\" \/>\n\t<meta name=\"twitter:data1\" content=\"6 minutes\" \/>\n<script type=\"application\/ld+json\" class=\"yoast-schema-graph\">{\"@context\":\"https:\/\/schema.org\",\"@graph\":[{\"@type\":\"WebPage\",\"@id\":\"https:\/\/www.villalapietra.net\/fr\/politique-de-confidentialite-et-de-cookies\/\",\"url\":\"https:\/\/www.villalapietra.net\/fr\/politique-de-confidentialite-et-de-cookies\/\",\"name\":\"Politique de confidentialit\u00e9 et de cookies | Villa La Pietra\",\"isPartOf\":{\"@id\":\"https:\/\/www.villalapietra.net\/fr\/#website\"},\"datePublished\":\"2021-08-24T12:50:27+00:00\",\"dateModified\":\"2025-05-21T09:15:43+00:00\",\"breadcrumb\":{\"@id\":\"https:\/\/www.villalapietra.net\/fr\/politique-de-confidentialite-et-de-cookies\/#breadcrumb\"},\"inLanguage\":\"fr-FR\",\"potentialAction\":[{\"@type\":\"ReadAction\",\"target\":[\"https:\/\/www.villalapietra.net\/fr\/politique-de-confidentialite-et-de-cookies\/\"]}]},{\"@type\":\"BreadcrumbList\",\"@id\":\"https:\/\/www.villalapietra.net\/fr\/politique-de-confidentialite-et-de-cookies\/#breadcrumb\",\"itemListElement\":[{\"@type\":\"ListItem\",\"position\":1,\"name\":\"Accueil\",\"item\":\"https:\/\/www.villalapietra.net\/fr\/\"},{\"@type\":\"ListItem\",\"position\":2,\"name\":\"Politique de confidentialit\u00e9 et de cookies\"}]},{\"@type\":\"WebSite\",\"@id\":\"https:\/\/www.villalapietra.net\/fr\/#website\",\"url\":\"https:\/\/www.villalapietra.net\/fr\/\",\"name\":\"Villa La Pietra\",\"description\":\"Luxury holiday villa in Cinque Terre\",\"publisher\":{\"@id\":\"https:\/\/www.villalapietra.net\/fr\/#organization\"},\"alternateName\":\"Villa La Pietra\",\"potentialAction\":[{\"@type\":\"SearchAction\",\"target\":{\"@type\":\"EntryPoint\",\"urlTemplate\":\"https:\/\/www.villalapietra.net\/fr\/?s={search_term_string}\"},\"query-input\":{\"@type\":\"PropertyValueSpecification\",\"valueRequired\":true,\"valueName\":\"search_term_string\"}}],\"inLanguage\":\"fr-FR\"},{\"@type\":\"Organization\",\"@id\":\"https:\/\/www.villalapietra.net\/fr\/#organization\",\"name\":\"Villa La Pietra, holiday villa in Levanto Cinque Terre\",\"url\":\"https:\/\/www.villalapietra.net\/fr\/\",\"logo\":{\"@type\":\"ImageObject\",\"inLanguage\":\"fr-FR\",\"@id\":\"https:\/\/www.villalapietra.net\/fr\/#\/schema\/logo\/image\/\",\"url\":\"https:\/\/www.villalapietra.net\/wp-content\/uploads\/2025\/05\/villa-la-pietra-logo.png\",\"contentUrl\":\"https:\/\/www.villalapietra.net\/wp-content\/uploads\/2025\/05\/villa-la-pietra-logo.png\",\"width\":761,\"height\":80,\"caption\":\"Villa La Pietra, holiday villa in Levanto Cinque Terre\"},\"image\":{\"@id\":\"https:\/\/www.villalapietra.net\/fr\/#\/schema\/logo\/image\/\"}}]}<\/script>\n<!-- \/ Yoast SEO plugin. -->","yoast_head_json":{"title":"Politique de confidentialit\u00e9 et de cookies | Villa La Pietra","robots":{"index":"index","follow":"follow","max-snippet":"max-snippet:-1","max-image-preview":"max-image-preview:large","max-video-preview":"max-video-preview:-1"},"canonical":"https:\/\/www.villalapietra.net\/fr\/politique-de-confidentialite-et-de-cookies\/","og_locale":"fr_FR","og_type":"article","og_title":"Politique de confidentialit\u00e9 et de cookies | Villa La Pietra","og_description":"[vc_row css=\u00a0\u00bb.vc_custom_1747818202816{margin-top: 20px !important;}\u00a0\u00bb][vc_column][\/vc_column][\/vc_row][vc_row css=\u00a0\u00bb.vc_custom_1747818550323{margin-top: 20px !important;}\u00a0\u00bb][vc_column][vc_column_text css=\u00a0\u00bb\u00a0\u00bb]La Pietra Societ\u00e0 Semplice \u2013 N.\u202fde TVA 96723680011, Responsable du traitement, vous informe que vos donn\u00e9es seront trait\u00e9es selon les modalit\u00e9s et pour les finalit\u00e9s indiqu\u00e9es ci\u2011dessous. Le Responsable s\u2019engage \u00e0 prot\u00e9ger la vie priv\u00e9e et la confidentialit\u00e9 des Donn\u00e9es Personnelles dans le respect des principes d\u2019\u00e9quit\u00e9, de&hellip;","og_url":"https:\/\/www.villalapietra.net\/fr\/politique-de-confidentialite-et-de-cookies\/","og_site_name":"Villa La Pietra","article_modified_time":"2025-05-21T09:15:43+00:00","twitter_card":"summary_large_image","twitter_misc":{"Dur\u00e9e de lecture estim\u00e9e":"6 minutes"},"schema":{"@context":"https:\/\/schema.org","@graph":[{"@type":"WebPage","@id":"https:\/\/www.villalapietra.net\/fr\/politique-de-confidentialite-et-de-cookies\/","url":"https:\/\/www.villalapietra.net\/fr\/politique-de-confidentialite-et-de-cookies\/","name":"Politique de confidentialit\u00e9 et de cookies | Villa La Pietra","isPartOf":{"@id":"https:\/\/www.villalapietra.net\/fr\/#website"},"datePublished":"2021-08-24T12:50:27+00:00","dateModified":"2025-05-21T09:15:43+00:00","breadcrumb":{"@id":"https:\/\/www.villalapietra.net\/fr\/politique-de-confidentialite-et-de-cookies\/#breadcrumb"},"inLanguage":"fr-FR","potentialAction":[{"@type":"ReadAction","target":["https:\/\/www.villalapietra.net\/fr\/politique-de-confidentialite-et-de-cookies\/"]}]},{"@type":"BreadcrumbList","@id":"https:\/\/www.villalapietra.net\/fr\/politique-de-confidentialite-et-de-cookies\/#breadcrumb","itemListElement":[{"@type":"ListItem","position":1,"name":"Accueil","item":"https:\/\/www.villalapietra.net\/fr\/"},{"@type":"ListItem","position":2,"name":"Politique de confidentialit\u00e9 et de cookies"}]},{"@type":"WebSite","@id":"https:\/\/www.villalapietra.net\/fr\/#website","url":"https:\/\/www.villalapietra.net\/fr\/","name":"Villa La Pietra","description":"Luxury holiday villa in Cinque Terre","publisher":{"@id":"https:\/\/www.villalapietra.net\/fr\/#organization"},"alternateName":"Villa La Pietra","potentialAction":[{"@type":"SearchAction","target":{"@type":"EntryPoint","urlTemplate":"https:\/\/www.villalapietra.net\/fr\/?s={search_term_string}"},"query-input":{"@type":"PropertyValueSpecification","valueRequired":true,"valueName":"search_term_string"}}],"inLanguage":"fr-FR"},{"@type":"Organization","@id":"https:\/\/www.villalapietra.net\/fr\/#organization","name":"Villa La Pietra, holiday villa in Levanto Cinque Terre","url":"https:\/\/www.villalapietra.net\/fr\/","logo":{"@type":"ImageObject","inLanguage":"fr-FR","@id":"https:\/\/www.villalapietra.net\/fr\/#\/schema\/logo\/image\/","url":"https:\/\/www.villalapietra.net\/wp-content\/uploads\/2025\/05\/villa-la-pietra-logo.png","contentUrl":"https:\/\/www.villalapietra.net\/wp-content\/uploads\/2025\/05\/villa-la-pietra-logo.png","width":761,"height":80,"caption":"Villa La Pietra, holiday villa in Levanto Cinque Terre"},"image":{"@id":"https:\/\/www.villalapietra.net\/fr\/#\/schema\/logo\/image\/"}}]}},"_links":{"self":[{"href":"https:\/\/www.villalapietra.net\/fr\/wp-json\/wp\/v2\/pages\/844","targetHints":{"allow":["GET"]}}],"collection":[{"href":"https:\/\/www.villalapietra.net\/fr\/wp-json\/wp\/v2\/pages"}],"about":[{"href":"https:\/\/www.villalapietra.net\/fr\/wp-json\/wp\/v2\/types\/page"}],"author":[{"embeddable":true,"href":"https:\/\/www.villalapietra.net\/fr\/wp-json\/wp\/v2\/users\/1"}],"replies":[{"embeddable":true,"href":"https:\/\/www.villalapietra.net\/fr\/wp-json\/wp\/v2\/comments?post=844"}],"version-history":[{"count":4,"href":"https:\/\/www.villalapietra.net\/fr\/wp-json\/wp\/v2\/pages\/844\/revisions"}],"predecessor-version":[{"id":848,"href":"https:\/\/www.villalapietra.net\/fr\/wp-json\/wp\/v2\/pages\/844\/revisions\/848"}],"wp:attachment":[{"href":"https:\/\/www.villalapietra.net\/fr\/wp-json\/wp\/v2\/media?parent=844"}],"curies":[{"name":"wp","href":"https:\/\/api.w.org\/{rel}","templated":true}]}}